{"id":176,"date":"2022-04-05T15:44:17","date_gmt":"2022-04-05T13:44:17","guid":{"rendered":"https:\/\/villalegrandlarge.fr\/mers\/?page_id=176"},"modified":"2022-04-12T14:36:58","modified_gmt":"2022-04-12T12:36:58","slug":"parc-marquenterre","status":"publish","type":"page","link":"https:\/\/villalegrandlarge.fr\/mers\/region-normandie-baie-de-somme\/parc-marquenterre\/","title":{"rendered":"La Baie de Somme"},"content":{"rendered":"<h1 style=\"text-align: justify;\"><strong>La Baie de Somme<\/strong><\/h1>\n<p style=\"text-align: justify;\">A moins de 200 km de Paris, existe un espace d&rsquo;exception, une immense \u00e9tendue de sable et d&rsquo;eau encadr\u00e9e par les dunes&#8230; Un pays o\u00f9 le ciel et la mer se confondent&#8230; un pays o\u00f9 la couleur change toute la journ\u00e9e passant du gris bleut\u00e9 \u00e0 l&rsquo;ocre tendre puis au rose. Ces lumi\u00e8res soyeuses, si belles ont inspir\u00e9 nombre de peintres et \u00e9crivains : Delacroix, Degas, Corot mais aussi Colette, Jules Verne, Victor Hugo, Alfred Manessier et bien d&rsquo;autres&#8230;<\/p>\n<h2 style=\"text-align: justify;\"><strong>Une faune et une flore si particuli\u00e8re<\/strong><\/h2>\n<p style=\"text-align: justify;\"><img decoding=\"async\" class=\"alignleft size-medium wp-image-381\" src=\"http:\/\/www.hotel-cayeux-baiedesomme.fr\/wp-content\/uploads\/dunes-route-blanche-cayeux-300x200.jpg\" alt=\"dunes-route-blanche-cayeux\" width=\"300\" height=\"200\" \/>Elle est un des grands sites fran\u00e7ais de passage des migrateurs. Plans d\u2019eau, marais, dunes et pr\u00e9s-sal\u00e9s composent ce paysage entre terre et eau. La tr\u00e8s large ouverture vers la Manche offre suivant les mar\u00e9es et les saisons des paysages exceptionnels en perp\u00e9tuel mouvement: des cama\u00efeux de gris, beiges et blancs, des ciels immenses, des lumi\u00e8res opalescentes et nacr\u00e9es pour une promenade enivrante et iod\u00e9e. Le canard siffleur, le Tadorne de Belon, le courlis cendr\u00e9, l&rsquo;hu\u00eetrier pie y c\u00f4toient les phoques veaux marins et les moutons de pr\u00e9s sal\u00e9s. A mar\u00e9e basse, on peut avec un guide traverser ces bancs de sable dor\u00e9s, creus\u00e9s de mares.<\/p>\n<h2 style=\"text-align: justify;\"><strong>Un estuaire en perp\u00e9tuelle \u00e9volution<\/strong><\/h2>\n<p style=\"text-align: justify;\">L&rsquo;estuaire de la Baie de Somme surprend par sa taille : environ 70 km\u00b2. La Baie est profonde d&rsquo;une quinzaine de kilom\u00e8tres. Entre la pointe du Hourdel et celle de Saint-Quentin-en-Tourmont, sa largeur est de 5 km. Il est constitu\u00e9 de 3 zones bien diff\u00e9rentes :<\/p>\n<p style=\"text-align: justify;\">&gt; La partie basse de l&rsquo;estuaire : presque toujours recouverte d&rsquo;eau.<\/p>\n<p style=\"text-align: justify;\">&gt; La zone dite des \u00ab\u00a0vasi\u00e8res\u00a0\u00bb : compos\u00e9e de plages et de bancs sableux. C&rsquo;est la partie situ\u00e9e entre la pointe du Hourdel, de Saint-Quentin-en-Tourmont et de Saint-Valery-sur-Somme. A chaque mar\u00e9e, cette zone est recouverte puis d\u00e9couverte par l&rsquo;eau.<\/p>\n<p style=\"text-align: justify;\">&gt; La derni\u00e8re partie, situ\u00e9e au fond de l&rsquo;estuaire dite des \u00ab\u00a0molli\u00e8res\u00a0\u00bb. Il s&rsquo;agit d&rsquo;un vaste plateau herbeux, form\u00e9 de couches de sable et de vase. Cette zone est presque jamais recouverte par la mer sauf lors des grandes mar\u00e9es. La baie de Somme conna\u00eet 2 basses mers et 2 pleines mers par jour. 12 Heures s\u00e9parent environ chaque basses mers. Attention : lors de vos promenades, la mer revient tr\u00e8s rapidement. On dit qu&rsquo;elle arrive aussi vite qu&rsquo;un cheval au galop !<\/p>\n<p style=\"text-align: justify;\"><span style=\"text-decoration: underline;\"><strong>En savoir +<\/strong><\/span><\/p>\n<p style=\"text-align: justify;\"><div id=\"framed_box_e3f8dae763fd4ffc92866e3bc5fdb97f\" class=\"framed_box\" style=\"border-color:#7ea9b5;border-width:1px;\">\n\t<div class=\"framed_box_content\" style=\"background-color:rgba(204,217,228,1);\">\n\t\t\n&gt; <a href=\"http:\/\/www.baiedesomme.fr\/lieu\/1-14-parc-du-marquenterre\" target=\"_blank\" rel=\"noopener\">Le parc du marquenterre<\/a><br \/>\n&gt; <a href=\"http:\/\/www.baiedesomme.fr\/lieu\/1-16-maison-de-la-baie-de-somme\" target=\"_blank\" rel=\"noopener\">La maison de la Baie<\/a><br \/>\n&gt; <a href=\"http:\/\/www.picardie-nature.org\/etude-de-la-faune-sauvage\/les-groupes-de-faune-etudies\/les-14-reseaux-naturalistes-de\/mammiferes-marins\/\" target=\"_blank\" rel=\"noopener\">Les phoques veaux marins<\/a><br \/>\n&gt; <a href=\"http:\/\/www.cfbs.eu\/fr\/\" target=\"_blank\" rel=\"noopener\">Le petit train de la baie de somme<\/a>\n\t\t<div class=\"framed_box_space\"><\/div>\n\t<\/div>\n<\/div>\n\n","protected":false},"excerpt":{"rendered":"<p>La Baie de Somme A moins de 200 km de Paris, existe un espace d&rsquo;exception, une immense \u00e9tendue de sable et d&rsquo;eau encadr\u00e9e par les dunes&#8230; Un pays o\u00f9 le ciel et la mer se confondent&#8230; un pays o\u00f9 la couleur change toute la journ\u00e9e passant du gris bleut\u00e9 \u00e0 l&rsquo;ocre tendre puis au rose. &#8230;<\/p>\n","protected":false},"author":1,"featured_media":0,"parent":167,"menu_order":8,"comment_status":"closed","ping_status":"closed","template":"template_leftsidebar.php","meta":{"footnotes":""},"class_list":["post-176","page","type-page","status-publish","hentry"],"_links":{"self":[{"href":"https:\/\/villalegrandlarge.fr\/mers\/wp-json\/wp\/v2\/pages\/176","targetHints":{"allow":["GET"]}}],"collection":[{"href":"https:\/\/villalegrandlarge.fr\/mers\/wp-json\/wp\/v2\/pages"}],"about":[{"href":"https:\/\/villalegrandlarge.fr\/mers\/wp-json\/wp\/v2\/types\/page"}],"author":[{"embeddable":true,"href":"https:\/\/villalegrandlarge.fr\/mers\/wp-json\/wp\/v2\/users\/1"}],"replies":[{"embeddable":true,"href":"https:\/\/villalegrandlarge.fr\/mers\/wp-json\/wp\/v2\/comments?post=176"}],"version-history":[{"count":2,"href":"https:\/\/villalegrandlarge.fr\/mers\/wp-json\/wp\/v2\/pages\/176\/revisions"}],"predecessor-version":[{"id":449,"href":"https:\/\/villalegrandlarge.fr\/mers\/wp-json\/wp\/v2\/pages\/176\/revisions\/449"}],"up":[{"embeddable":true,"href":"https:\/\/villalegrandlarge.fr\/mers\/wp-json\/wp\/v2\/pages\/167"}],"wp:attachment":[{"href":"https:\/\/villalegrandlarge.fr\/mers\/wp-json\/wp\/v2\/media?parent=176"}],"curies":[{"name":"wp","href":"https:\/\/api.w.org\/{rel}","templated":true}]}}