{"id":196,"date":"2022-04-05T16:41:26","date_gmt":"2022-04-05T14:41:26","guid":{"rendered":"https:\/\/villalegrandlarge.fr\/mers\/?page_id=196"},"modified":"2022-05-16T17:48:59","modified_gmt":"2022-05-16T15:48:59","slug":"idees-randonnees","status":"publish","type":"page","link":"https:\/\/villalegrandlarge.fr\/mers\/region-normandie-baie-de-somme\/idees-randonnees\/","title":{"rendered":"Id\u00e9es de randonn\u00e9es"},"content":{"rendered":"<h1>Id\u00e9es randonn\u00e9es dans la r\u00e9gion<\/h1>\n<p>A pied, \u00e0 cheval ou en VTT, des kilom\u00e8tres de chemins vari\u00e9s et balis\u00e9s sur le littoral et falaises, r\u00e9serve naturelle, for\u00eats, vall\u00e9es pr\u00e9serv\u00e9es, moulins, \u00e9tangs, etc \u2026 sont propos\u00e9s aux randonneurs.<\/p>\n\n\t\t\t<div id='gallery-196-5309-1' class='gallery gallery-196-5309-1'>\n\t\t\t\t\t<dl class='gallery-item col-2'>\n\t\t\t\t\t\t<dt class='gallery-icon gallery_image_1'><a href=\"https:\/\/villalegrandlarge.fr\/mers\/wp-content\/uploads\/guide-randonnees-region-mers.jpg\" class=\"lightbox image_icon_zoom gallery-image-wrap\" title=\"\" rel=\"image-gallery-group-196-927\" alt=\"\" data-fittoview=\"true\"><img decoding=\"async\" src=\"https:\/\/villalegrandlarge.fr\/mers\/wp-content\/uploads\/strikingr\/images\/198_guide-randonnees-region-mers-292x190.jpg\" alt=\"guide-randonnees-region-mers\" class=\"gallery-image theme-gallery-image attachment-medium\" width =\"292\" height =\"190\"  data-thumbnail=\"198\"  data-thumbnail-class=\"MTk4\"\/><\/a><\/dt>\n\t\t\t\t\t<\/dl>\n\t\t\t\t\t<dl class='gallery-item col-2'>\n\t\t\t\t\t\t<dt class='gallery-icon gallery_image_2'><a href=\"https:\/\/villalegrandlarge.fr\/mers\/wp-content\/uploads\/17-randonnees-nature-mers-le-treport.jpg\" class=\"lightbox image_icon_zoom gallery-image-wrap\" title=\"\" rel=\"image-gallery-group-196-927\" alt=\"\" data-fittoview=\"true\"><img decoding=\"async\" src=\"https:\/\/villalegrandlarge.fr\/mers\/wp-content\/uploads\/strikingr\/images\/197_17-randonnees-nature-mers-le-treport-292x190.jpg\" alt=\"17-randonnees-nature-mers-le-treport\" class=\"gallery-image theme-gallery-image attachment-medium\" width =\"292\" height =\"190\"  data-thumbnail=\"197\"  data-thumbnail-class=\"MTk3\"\/><\/a><\/dt>\n\t\t\t\t\t<\/dl>\n\t\t\t<\/div><!-- .gallery -->\n\n<p>&nbsp;<\/p>\n<p>17 boucles de randonn\u00e9es de 4,5 \u00e0 16,5 km. A pied et quelques itin\u00e9raires \u00e0 VTT et \u00e0 Cheval.<\/p>\n<ul class=\"list_check-square list_color_blue\">\n<li>\u00a0<a href=\"https:\/\/www.cirkwi.com\/fr\/circuit\/187107-mont-jolibois\" target=\"_blank\" rel=\"noopener\">MONT JOLIBOIS<\/a>\u00a0 : 8 Km \u2013 2h. D\u00e9part du Manoir de Brian\u00e7on \u00e0 Criel-sur-Mer<\/li>\n<li>\u00a0<a href=\"https:\/\/www.cirkwi.com\/fr\/circuit\/225785-sang-roy\" target=\"_blank\" rel=\"noopener\">SANG-ROY<\/a> : 15 Km \u2013 3h45. D\u00e9part du Manoir de Brian\u00e7on \u00e0 Criel-sur-Mer<\/li>\n<li><a href=\"https:\/\/www.cirkwi.com\/fr\/circuit\/225825-etocquigny\" target=\"_blank\" rel=\"noopener\">\u00a0ETOQUIGNY<\/a> : 16,5 Km \u2013 4h. D\u00e9part de l\u2019Eglise de Saint-Martin-le-Gaillard<\/li>\n<li>\u00a0<a href=\"https:\/\/www.cirkwi.com\/fr\/circuit\/62821-gratte-panche\" target=\"_blank\" rel=\"noopener\">GRATTE-PANCHE<\/a> : 16 Km \u2013 4h. D\u00e9part de l\u2019aire de pique-nique de Sept-Meules<\/li>\n<li>\u00a0<a href=\"https:\/\/www.cirkwi.com\/fr\/circuit\/225816-gomare\" target=\"_blank\" rel=\"noopener\">GOMARE<\/a> : 12 Km \u2013 3h. D\u00e9part Place des Tilleuls \u00e0 Melleville<\/li>\n<li><a href=\"https:\/\/www.cirkwi.com\/fr\/circuit\/225826-val-du-roy\" target=\"_blank\" rel=\"noopener\">\u00a0VAL DU ROY<\/a> : 7 Km \u2013 1h45. D\u00e9part de l\u2019Eglise de Villy-sur-Y\u00e8res<\/li>\n<li><a href=\"https:\/\/www.cirkwi.com\/fr\/circuit\/44525-boucle-de-jerusalem\" target=\"_blank\" rel=\"noopener\">\u00a0JERUSALEM<\/a> : 7 Km \u2013 1h45. D\u00e9part de l\u2019Eglise de Ponts-et-Marais<\/li>\n<li><a href=\"https:\/\/www.cirkwi.com\/fr\/circuit\/44580-la-boucle-de-cumont\" target=\"_blank\" rel=\"noopener\">CUMONT<\/a> : 8 Km \u2013 2h. D\u00e9part \u00e0 l\u2019entr\u00e9e du Chemin Vert du Petit Caux, rue d\u2019Aumale Eu<\/li>\n<li><a href=\"https:\/\/www.cirkwi.com\/fr\/circuit\/62666-boucle-de-beaumont\" target=\"_blank\" rel=\"noopener\">BEAUMONT<\/a> : 13,5 Km \u2013 3h30. D\u00e9part de l\u2019Eglise de Saint-Pierre-en-Val<\/li>\n<li><a href=\"https:\/\/www.cirkwi.com\/fr\/circuit\/8819-le-massif-du-triage-incheville\" target=\"_blank\" rel=\"noopener\">LE TRIAGE<\/a> : 11 Km \u2013 2h45. D\u00e9part place de la R\u00e9publique \u00e0 Incheville<\/li>\n<li><a href=\"https:\/\/www.cirkwi.com\/fr\/circuit\/46447-la-tuilerie\" target=\"_blank\" rel=\"noopener\">LA TUILERIE<\/a> : 11 Km \u2013 2h45. D\u00e9part \u00e0 l\u2019\u00e9tang de Longroy \u2013 terrain du marais<\/li>\n<li>LA FALAISE : 4,5 Km \u2013 1h30. D\u00e9part de la villa \u00ab Cr\u00e9puscule \u00bb (74 esplanade de Mers)<\/li>\n<li><a href=\"https:\/\/www.cirkwi.com\/fr\/circuit\/62564-circuit-de-lamotte\" target=\"_blank\" rel=\"noopener\">CIRCUIT DE LA MOTTE<\/a> : 12 Km \u2013 4h. D\u00e9part d\u2019Ault, parking du Gal de Gaulle \u00e0 Ault<\/li>\n<li><a href=\"https:\/\/www.cirkwi.com\/fr\/circuit\/62586-circuit-des-huttes\" target=\"_blank\" rel=\"noopener\">LES HUTTES<\/a> : 13 Km \u2013 4h. D\u00e9part du parking de la plage \u2013 Aul-Nord, hameau d\u2019Ault<\/li>\n<li>LE CAMP DU ROI : 14 Km \u2013 5h. D\u00e9part de Bourseville, parking \u00e0 proximit\u00e9 de l\u2019Eglise.<\/li>\n<li><a href=\"https:\/\/www.cirkwi.com\/fr\/circuit\/62668-le-circuit-de-l-isle\" target=\"_blank\" rel=\"noopener\">CIRCUIT DE L\u2019ISLE<\/a> : 11,5 Km \u2013 4h. D\u00e9part de l\u2019Eglise de Dargnies.<\/li>\n<\/ul>\n<p><a href=\"https:\/\/www.cirkwi.com\/fr\/circuit\/78689-le-sentier-du-littoral\" target=\"_blank\" rel=\"noopener\">SENTIER DU LITTORAL<\/a> : 6 Km \u2013 1h30. D\u00e9part de l\u2019esplanade de Mers-les-Bains<br \/>\nCHEMIN VERT DU PETIT CAUX : 17 Km \u2013 5h30. D\u00e9part de la rue d\u2019Aumale \u00e0 Eu. Praticable \u00e0 VTT et \u00e0 cheval<br \/>\nCHEMIN DES ETANGS : 15 Km \u2013 5h. D\u00e9part du Tr\u00e9port. Praticable \u00e0 pied et VTT<br \/>\nBoucle \u00e9questre :\u00a0E1.\u00a0<a href=\"https:\/\/www.cirkwi.com\/fr\/circuit\/101667-boucle-equestre-la-foret-d-eu\" target=\"_blank\" rel=\"noopener\">LA FOR\u00caT D\u2019EU<\/a>\u00a0: 22 Km. 3H30. D\u00e9part de la Place de la R\u00e9publique \u00e0 Incheville.<\/p>\n<p>Sentier du littoral de Criel-sur-Mer \u00e0 Ault : Peut-\u00eatre provisoirement d\u00e9vi\u00e9. Se renseigner.<\/p>\n<p>Le Chemin des \u00e9tangs de la Vall\u00e9e de la Bresle :\u00a0Sur une quinzaine de km, chemin pour pi\u00e9tons, VTT et cavaliers entre Le Tr\u00e9port, Eu et les 1ers \u00e9tangs de la Bresle jusqu\u2019\u00e0 Longroy \u2013 Gamaches.<\/p>\n<p>Le Chemin Vert du Petit Caux :\u00a0Ancienne voie ferr\u00e9e aujourd\u2019hui sentier de randonn\u00e9e de 17km au d\u00e9part de Eu.<\/p>\n<p class=\"center\"><a id=\"Guide randonnees\" href=\"https:\/\/www.destination-letreport-mers.fr\/app\/uploads\/le-treport\/2022\/01\/otdltm-carte-des-randonnees-2022-web.pdf\" target=\"_blank\" class=\"button medium primary no_woo_button\"><span><i class=\"theme-icon icon-calendar-check-o\" style=\"color:#ffffff\"><\/i>\u202dT\u00e9l\u00e9charger le guide en version pdf<\/span><\/a><\/p>\n<p>&nbsp;<\/p>\n<p>&nbsp;<\/p>\n<p>&nbsp;<\/p>\n<p>&nbsp;<\/p>\n","protected":false},"excerpt":{"rendered":"<p>Id\u00e9es randonn\u00e9es dans la r\u00e9gion A pied, \u00e0 cheval ou en VTT, des kilom\u00e8tres de chemins vari\u00e9s et balis\u00e9s sur le littoral et falaises, r\u00e9serve naturelle, for\u00eats, vall\u00e9es pr\u00e9serv\u00e9es, moulins, \u00e9tangs, etc \u2026 sont propos\u00e9s aux randonneurs. &nbsp; 17 boucles de randonn\u00e9es de 4,5 \u00e0 16,5 km. A pied et quelques itin\u00e9raires \u00e0 VTT et &#8230;<\/p>\n","protected":false},"author":1,"featured_media":0,"parent":167,"menu_order":2,"comment_status":"closed","ping_status":"closed","template":"","meta":{"footnotes":""},"class_list":["post-196","page","type-page","status-publish","hentry"],"_links":{"self":[{"href":"https:\/\/villalegrandlarge.fr\/mers\/wp-json\/wp\/v2\/pages\/196","targetHints":{"allow":["GET"]}}],"collection":[{"href":"https:\/\/villalegrandlarge.fr\/mers\/wp-json\/wp\/v2\/pages"}],"about":[{"href":"https:\/\/villalegrandlarge.fr\/mers\/wp-json\/wp\/v2\/types\/page"}],"author":[{"embeddable":true,"href":"https:\/\/villalegrandlarge.fr\/mers\/wp-json\/wp\/v2\/users\/1"}],"replies":[{"embeddable":true,"href":"https:\/\/villalegrandlarge.fr\/mers\/wp-json\/wp\/v2\/comments?post=196"}],"version-history":[{"count":28,"href":"https:\/\/villalegrandlarge.fr\/mers\/wp-json\/wp\/v2\/pages\/196\/revisions"}],"predecessor-version":[{"id":768,"href":"https:\/\/villalegrandlarge.fr\/mers\/wp-json\/wp\/v2\/pages\/196\/revisions\/768"}],"up":[{"embeddable":true,"href":"https:\/\/villalegrandlarge.fr\/mers\/wp-json\/wp\/v2\/pages\/167"}],"wp:attachment":[{"href":"https:\/\/villalegrandlarge.fr\/mers\/wp-json\/wp\/v2\/media?parent=196"}],"curies":[{"name":"wp","href":"https:\/\/api.w.org\/{rel}","templated":true}]}}